{"id":3,"date":"2022-12-12T17:12:09","date_gmt":"2022-12-12T17:12:09","guid":{"rendered":"https:\/\/demo.thsorganic.com\/?page_id=3"},"modified":"2023-06-19T13:30:36","modified_gmt":"2023-06-19T13:30:36","slug":"privacy-policy","status":"publish","type":"page","link":"https:\/\/demo.thsorganic.com\/sv\/privacy-policy\/","title":{"rendered":"Integritetspolicy"},"content":{"rendered":"<div data-elementor-type=\"wp-page\" data-elementor-id=\"3\" class=\"elementor elementor-3\" data-elementor-post-type=\"page\">\n\t\t\t\t\t\t<section class=\"elementor-section elementor-top-section elementor-element elementor-element-381f0497 elementor-section-boxed elementor-section-height-default elementor-section-height-default\" data-id=\"381f0497\" data-element_type=\"section\">\n\t\t\t\t\t\t<div class=\"elementor-container elementor-column-gap-default\">\n\t\t\t\t\t<div class=\"elementor-column elementor-col-100 elementor-top-column elementor-element elementor-element-33ed97bf\" data-id=\"33ed97bf\" data-element_type=\"column\">\n\t\t\t<div class=\"elementor-widget-wrap elementor-element-populated\">\n\t\t\t\t\t\t<div class=\"elementor-element elementor-element-e016125 elementor-widget elementor-widget-heading\" data-id=\"e016125\" data-element_type=\"widget\" data-widget_type=\"heading.default\">\n\t\t\t\t<div class=\"elementor-widget-container\">\n\t\t\t\t\t<h1 class=\"elementor-heading-title elementor-size-default\">Integritetspolicy<\/h1>\t\t\t\t<\/div>\n\t\t\t\t<\/div>\n\t\t\t\t<div class=\"elementor-element elementor-element-5ebf56c9 elementor-widget elementor-widget-text-editor\" data-id=\"5ebf56c9\" data-element_type=\"widget\" data-widget_type=\"text-editor.default\">\n\t\t\t\t<div class=\"elementor-widget-container\">\n\t\t\t\t\t\t\t\t\t\n<h2 class=\"wp-block-heading\">1. Sekretess i ett \u00f6gonkast<\/h2>\n\n<h3 class=\"wp-block-heading\">Allm\u00e4n information<\/h3>\n\n<p>F\u00f6ljande anteckningar ger en enkel \u00f6versikt \u00f6ver vad som h\u00e4nder med dina personuppgifter n\u00e4r du bes\u00f6ker denna webbplats. Personuppgifter \u00e4r alla uppgifter som du kan identifieras med. Detaljerad information om \u00e4mnet dataskydd finns i v\u00e5r dataskyddsf\u00f6rklaring listad under denna text.<\/p>\n\n<h3 class=\"wp-block-heading\">Datainsamling p\u00e5 denna webbplats<\/h3>\n\n<p><strong>Vem ansvarar f\u00f6r datainsamlingen p\u00e5 denna webbplats?<\/strong><\/p>\n\n<p>Databehandlingen p\u00e5 denna webbplats utf\u00f6rs av webbplatsoperat\u00f6ren. Du hittar deras kontaktuppgifter i avtrycket p\u00e5 denna webbplats.<\/p>\n\n<p><strong>Hur samlar vi in dina uppgifter?<\/strong><\/p>\n\n<p>\u00c5 ena sidan samlas dina uppgifter in n\u00e4r du kommunicerar dem till oss. Detta kan vara z. B. vara uppgifter som du anger i ett kontaktformul\u00e4r.<\/p>\n\n<p>\u00d6vriga uppgifter samlas in automatiskt eller med ditt samtycke av v\u00e5ra IT-system n\u00e4r du bes\u00f6ker webbplatsen. Detta \u00e4r i f\u00f6rsta hand tekniska data (t.ex. webbl\u00e4sare, operativsystem eller tidpunkt f\u00f6r sidvisningen). Dessa data samlas in automatiskt s\u00e5 snart du g\u00e5r in p\u00e5 denna webbplats.<\/p>\n\n<p><strong>Vad anv\u00e4nder vi dina uppgifter till?<\/strong><\/p>\n\n<p>En del av uppgifterna samlas in f\u00f6r att s\u00e4kerst\u00e4lla att webbplatsen tillhandah\u00e5lls utan fel. Andra data kan anv\u00e4ndas f\u00f6r att analysera ditt anv\u00e4ndarbeteende.<\/p>\n\n<p><strong>Vilka r\u00e4ttigheter har du ang\u00e5ende dina uppgifter?<\/strong><\/p>\n\n<p>Du har r\u00e4tt att n\u00e4r som helst kostnadsfritt f\u00e5 information om ursprung, mottagare och syfte med dina lagrade personuppgifter. Du har ocks\u00e5 r\u00e4tt att beg\u00e4ra r\u00e4ttelse eller radering av dessa uppgifter. Om du har gett ditt samtycke till databehandling kan du n\u00e4r som helst \u00e5terkalla detta samtycke f\u00f6r framtiden. Du har \u00e4ven r\u00e4tt att under vissa omst\u00e4ndigheter beg\u00e4ra att behandlingen av dina personuppgifter begr\u00e4nsas. Du har ocks\u00e5 r\u00e4tt att l\u00e4mna in ett klagom\u00e5l till den beh\u00f6riga tillsynsmyndigheten.<\/p>\n\n<p>Du kan kontakta oss n\u00e4r som helst p\u00e5 den adress som anges i avtrycket om du har ytterligare fr\u00e5gor om dataskydd.<\/p>\n\n<h3 class=\"wp-block-heading\">Analysverktyg och tredjepartsverktyg<\/h3>\n\n<p>N\u00e4r du bes\u00f6ker den h\u00e4r webbplatsen kan ditt surfbeteende utv\u00e4rderas statistiskt. Detta g\u00f6rs fr\u00e4mst med s\u00e5 kallade analysprogram.<\/p>\n\n<p>Detaljerad information om dessa analysprogram finns i f\u00f6ljande dataskyddsf\u00f6rklaring.<\/p>\n\n<h2 class=\"wp-block-heading\">2. Hosting and Content Delivery Networks (CDN)<\/h2>\n\n<h3 class=\"wp-block-heading\">Extern hosting<\/h3>\n\n<p>Denna webbplats \u00e4r v\u00e4rd f\u00f6r en extern tj\u00e4nsteleverant\u00f6r (hoster). De personuppgifter som samlas in p\u00e5 denna webbplats lagras p\u00e5 v\u00e4rdens servrar. Det kan i f\u00f6rsta hand vara IP-adresser, kontaktf\u00f6rfr\u00e5gningar, meta- och kommunikationsdata, avtalsdata, kontaktdata, namn, webb\u00e5tkomst och annan data som genereras via en webbplats.<\/p>\n\n<p>Hostern anv\u00e4nds i syfte att uppfylla avtalet med v\u00e5ra potentiella och befintliga kunder (Art. 6 Para. 1 lit. b DSGVO) och i intresset av en s\u00e4ker, snabb och effektiv tillhandah\u00e5llande av v\u00e5rt onlineerbjudande av en professionell leverant\u00f6r ( artikel 6 punkt 1 lit f GDPR).<\/p>\n\n<p>V\u00e5r v\u00e4rd kommer endast att behandla dina uppgifter i den utstr\u00e4ckning det \u00e4r n\u00f6dv\u00e4ndigt f\u00f6r att uppfylla sina prestationsf\u00f6rpliktelser och kommer att f\u00f6lja v\u00e5ra instruktioner i f\u00f6rh\u00e5llande till dessa uppgifter.<\/p>\n\n<p><strong>Ing\u00e5ende av avtal f\u00f6r orderhantering<\/strong><\/p>\n\n<p>F\u00f6r att s\u00e4kerst\u00e4lla en dataskyddskompatibel behandling har vi slutit ett orderhanteringsavtal med v\u00e5r v\u00e4rd.<\/p>\n\n<h2 class=\"wp-block-heading\">3. Allm\u00e4n information och obligatorisk information<\/h2>\n\n<h3 class=\"wp-block-heading\">Dataskydd<\/h3>\n\n<p>Operat\u00f6rerna av dessa sidor tar skyddet av dina personuppgifter p\u00e5 st\u00f6rsta allvar. Vi behandlar dina personuppgifter konfidentiellt och i enlighet med lagstadgade dataskyddsbest\u00e4mmelser och denna dataskyddsf\u00f6rklaring.<\/p>\n\n<p>Om du anv\u00e4nder denna webbplats kommer olika personuppgifter att samlas in. Personuppgifter \u00e4r uppgifter som du kan identifieras med. Denna dataskyddsf\u00f6rklaring f\u00f6rklarar vilken data vi samlar in och vad vi anv\u00e4nder den till. Den f\u00f6rklarar ocks\u00e5 hur och i vilket syfte detta sker.<\/p>\n\n<p>Vi vill p\u00e5peka att data\u00f6verf\u00f6ring p\u00e5 Internet (t.ex. vid kommunikation via e-post) kan ha s\u00e4kerhetsluckor. Ett fullst\u00e4ndigt skydd av uppgifterna mot \u00e5tkomst av tredje part \u00e4r inte m\u00f6jligt.<\/p>\n\n<h3 class=\"wp-block-heading\">Anm\u00e4rkning om ansvarigt organ<\/h3>\n\n<p>Det ansvariga organet f\u00f6r databehandling p\u00e5 denna webbplats \u00e4r:<\/p>\n\n<p>SC VNV Next Web Services<br \/>Str. Spini\u015f, Nr.2, Bl.105, Sc.D, Et.2, Ap.36<br \/>Municipiul Bucure\u015fti, sektor 4<br \/>Rum\u00e4nien<\/p>\n\n<p>E-post: support@thsorganic.com<\/p>\n\n<p>Ansvarig instans \u00e4r den fysiska eller juridiska person som ensam eller tillsammans med andra beslutar om \u00e4ndam\u00e5len och medlen f\u00f6r behandling av personuppgifter (t.ex. namn, e-postadresser etc.).<\/p>\n\n<h3 class=\"wp-block-heading\">\u00c5terkallelse av ditt samtycke till databehandling<\/h3>\n\n<p>M\u00e5nga databehandlingsoperationer \u00e4r endast m\u00f6jliga med ditt uttryckliga samtycke. Du kan n\u00e4r som helst \u00e5terkalla samtycke som du redan har gett. Lagligheten av den databehandling som \u00e4gde rum fram till \u00e5terkallelsen f\u00f6rblir op\u00e5verkad av \u00e5terkallelsen.<\/p>\n\n<h3 class=\"wp-block-heading\">R\u00e4tt att inv\u00e4nda mot datainsamling i s\u00e4rskilda fall och mot direktreklam (Art. 21 GDPR)<\/h3>\n\n<p>OM DATABEHANDLINGEN BASERAS P\u00c5 ART. 6 ABS. 1 LIT. E ELLER F GDPR, DU HAR R\u00c4TT ATT INv\u00e4nda MOT BEHANDLING AV DINA PERSONUPPGIFTER N\u00c4R SOM HELST AV SK\u00c4L SOM HAR UPPST\u00c5TT FR\u00c5N DIN S\u00c4RSKILDA SITUATION; DETTA G\u00c4LLER OCKS\u00c5 F\u00d6R PROFILERING BASERAD P\u00c5 DESSA BEST\u00c4MMELSER. DEN RESPEKTIVA R\u00c4TTSLIGA GRUNDEN SOM EN BEHANDLING BASAS P\u00c5 FINNS I DENNA DATASEkretesspolicy. OM DU MOTKOMMER, KOMMER VI INTE L\u00c4NGRE BEHANDLA DINA PERSONUPPGIFTER, OM VI INTE KAN BEVISA F\u00d6RST\u00c5ENDE SKYDDSGRUND F\u00d6R BEHANDLINGEN SOM \u00c5STIGER DINA INTRESSEN, R\u00c4TTIGHETER OCH FRIHETER ELLER BEHANDLINGEN \u00c4R F\u00d6R SYFTE, ING TILL ARTIKEL 21 (1) GDPR).<\/p>\n\n<p>OM DINA PERSONUPPGIFTER BEHANDLAS F\u00d6R DIREKTANNONS, HAR DU R\u00c4TT ATT N\u00c4R SOM HELST INKOMST MOT BEHANDLING AV DINA PERSONUPPGIFTER F\u00d6R S\u00c5DANA REKLAMESYFTE; DETTA G\u00c4LLER OCKS\u00c5 F\u00d6R PROFILERING I DEN UTSTR\u00c4CKNING SOM RELATERAR TILL S\u00c5DAN DIREKTANNONS. OM DU MOTKOMMER KOMMER DINA PERSONUPPGIFTER INTE L\u00c4NGRE ANV\u00c4NDAS F\u00d6R DIREKTA REKLAMISKA SYFTEN (INV\u00c4NDNING ENLIGT ART. 21 (2) GDPR).<\/p>\n\n<h3 class=\"wp-block-heading\">R\u00e4tt att \u00f6verklaga till den beh\u00f6riga tillsynsmyndigheten<\/h3>\n\n<p>I h\u00e4ndelse av \u00f6vertr\u00e4delser av GDPR har de som ber\u00f6rs r\u00e4tt att l\u00e4mna in ett klagom\u00e5l till en tillsynsmyndighet, s\u00e4rskilt i den medlemsstat d\u00e4r de har sin vanliga vistelseort, deras arbetsplats eller platsen f\u00f6r den p\u00e5st\u00e5dda \u00f6vertr\u00e4delsen. R\u00e4tten att l\u00e4mna in ett klagom\u00e5l p\u00e5verkar inte andra administrativa eller r\u00e4ttsliga \u00e5tg\u00e4rder.<\/p>\n\n<h3 class=\"wp-block-heading\">R\u00e4tt till dataportabilitet<\/h3>\n\n<p>Du har r\u00e4tt att f\u00e5 uppgifter som vi behandlar automatiskt p\u00e5 grundval av ditt samtycke eller i fullg\u00f6rande av ett avtal \u00f6verl\u00e4mnade till dig eller till tredje part i ett gemensamt, maskinl\u00e4sbart format. Om du beg\u00e4r direkt \u00f6verf\u00f6ring av uppgifterna till en annan ansvarig kommer detta endast att ske i den m\u00e5n det \u00e4r tekniskt m\u00f6jligt.<\/p>\n\n<h3 class=\"wp-block-heading\">SSL- eller TLS-kryptering<\/h3>\n\n<p>Av s\u00e4kerhetssk\u00e4l och f\u00f6r att skydda \u00f6verf\u00f6ringen av konfidentiellt inneh\u00e5ll, s\u00e5som best\u00e4llningar eller f\u00f6rfr\u00e5gningar som du skickar till oss som webbplatsoperat\u00f6r, anv\u00e4nder denna webbplats SSL- eller TLS-kryptering. Du kan k\u00e4nna igen en krypterad anslutning genom att webbl\u00e4sarens adressrad \u00e4ndras fr\u00e5n &quot;http:\/\/&quot; till &quot;https:\/\/&quot; och p\u00e5 l\u00e5ssymbolen i din webbl\u00e4sarrad.<\/p>\n\n<p>Om SSL- eller TLS-kryptering \u00e4r aktiverad kan de data som du \u00f6verf\u00f6r till oss inte l\u00e4sas av tredje part.<\/p>\n\n<h3 class=\"wp-block-heading\">Information, radering och r\u00e4ttelse<\/h3>\n\n<p>Inom ramen f\u00f6r till\u00e4mpliga lagbest\u00e4mmelser har du r\u00e4tt till gratis information om dina lagrade personuppgifter, dess ursprung och mottagare samt syftet med databehandlingen och vid behov en r\u00e4tt till r\u00e4ttelse eller radering av dessa uppgifter n\u00e4r som helst . Du kan kontakta oss n\u00e4r som helst p\u00e5 den adress som anges i avtrycket om du har ytterligare fr\u00e5gor om personuppgifter.<\/p>\n\n<h3 class=\"wp-block-heading\">R\u00e4tt till begr\u00e4nsning av behandlingen<\/h3>\n\n<p>Du har r\u00e4tt att beg\u00e4ra begr\u00e4nsning av behandlingen av dina personuppgifter. Du kan kontakta oss n\u00e4r som helst p\u00e5 adressen som anges i f\u00f6rlaget. R\u00e4tten till begr\u00e4nsning av behandlingen finns i f\u00f6ljande fall:<\/p>\n\n<ul class=\"wp-block-list\">\n<li>Om du bestrider riktigheten av dina personuppgifter som lagras av oss beh\u00f6ver vi vanligtvis tid f\u00f6r att kontrollera detta. Under unders\u00f6kningens varaktighet har du r\u00e4tt att beg\u00e4ra att behandlingen av dina personuppgifter begr\u00e4nsas.<\/li>\n\n<li>Om behandlingen av dina personuppgifter har skett\/p\u00e5g\u00e5r olagligt kan du beg\u00e4ra begr\u00e4nsning av databehandling ist\u00e4llet f\u00f6r radering.<\/li>\n\n<li>Om vi inte l\u00e4ngre beh\u00f6ver dina personuppgifter, men du beh\u00f6ver dem f\u00f6r att ut\u00f6va, f\u00f6rsvara eller h\u00e4vda r\u00e4ttsliga anspr\u00e5k, har du r\u00e4tt att kr\u00e4va att behandlingen av dina personuppgifter begr\u00e4nsas ist\u00e4llet f\u00f6r att raderas.<\/li>\n\n<li>Om du har gjort en inv\u00e4ndning enligt art. 21 (1) GDPR m\u00e5ste dina och v\u00e5ra intressen v\u00e4gas upp. S\u00e5 l\u00e4nge det \u00e4nnu inte \u00e4r fastst\u00e4llt vems intressen som r\u00e5der, har du r\u00e4tt att kr\u00e4va att behandlingen av dina personuppgifter begr\u00e4nsas.<\/li>\n<\/ul>\n\n<p>Om du har begr\u00e4nsat behandlingen av dina personuppgifter f\u00e5r dessa uppgifter \u2013 f\u00f6rutom lagringen av dem \u2013 endast anv\u00e4ndas med ditt samtycke eller f\u00f6r att h\u00e4vda, ut\u00f6va eller f\u00f6rsvara r\u00e4ttsliga anspr\u00e5k eller f\u00f6r att skydda en annan fysisk eller juridisk persons r\u00e4ttigheter eller av sk\u00e4l viktiga allm\u00e4nintressen f\u00f6r Europeiska unionen eller en medlemsstat behandlas.<\/p>\n\n<h2 class=\"wp-block-heading\">4. Datainsamling p\u00e5 denna webbplats<\/h2>\n\n<h3 class=\"wp-block-heading\">Sm\u00e5kakor<\/h3>\n\n<p>V\u00e5r webbplats anv\u00e4nder s\u00e5 kallade &quot;cookies&quot;. Cookies \u00e4r sm\u00e5 textfiler och orsakar ingen skada p\u00e5 din slutenhet. De lagras p\u00e5 din slutenhet antingen tillf\u00e4lligt under en session (sessionscookies) eller permanent (permanenta cookies). Sessionscookies raderas automatiskt efter ditt bes\u00f6k. Permanenta cookies f\u00f6rblir lagrade p\u00e5 din slutenhet tills du raderar dem sj\u00e4lv eller tills de raderas automatiskt av din webbl\u00e4sare.<\/p>\n\n<p>I vissa fall kan cookies fr\u00e5n tredjepartsf\u00f6retag ocks\u00e5 lagras p\u00e5 din slutenhet n\u00e4r du g\u00e5r in p\u00e5 v\u00e5r webbplats (tredjepartscookies). Dessa g\u00f6r det m\u00f6jligt f\u00f6r oss eller dig att anv\u00e4nda vissa tj\u00e4nster fr\u00e5n tredjepartsf\u00f6retaget (t.ex. cookies f\u00f6r att behandla betaltj\u00e4nster).<\/p>\n\n<p>Cookies har olika funktioner. M\u00e5nga cookies \u00e4r tekniskt n\u00f6dv\u00e4ndiga eftersom vissa webbplatsfunktioner inte skulle fungera utan dem (t.ex. kundvagnsfunktionen eller visning av videor). Andra cookies anv\u00e4nds f\u00f6r att utv\u00e4rdera anv\u00e4ndarbeteende eller f\u00f6r att visa reklam.<\/p>\n\n<p>Cookies som kr\u00e4vs f\u00f6r att genomf\u00f6ra den elektroniska kommunikationsprocessen (n\u00f6dv\u00e4ndiga cookies) eller f\u00f6r att tillhandah\u00e5lla vissa funktioner du vill ha (funktionella cookies, t.ex. f\u00f6r kundvagnsfunktionen) eller f\u00f6r att optimera webbplatsen (t.ex. cookies f\u00f6r att m\u00e4ta webbpubliken). lagras p\u00e5 grundval av artikel 6.1 (f) GDPR, om inte annan r\u00e4ttslig grund anges. Webbplatsoperat\u00f6ren har ett ber\u00e4ttigat intresse av lagring av cookies f\u00f6r tekniskt felfritt och optimerat tillhandah\u00e5llande av sina tj\u00e4nster. Om samtycke till lagring av cookies har beg\u00e4rts, lagras de relevanta cookies uteslutande p\u00e5 grundval av detta samtycke (artikel 6 (1) (a) GDPR); samtycket kan n\u00e4r som helst \u00e5terkallas.<\/p>\n\n<p>Du kan st\u00e4lla in din webbl\u00e4sare s\u00e5 att du \u00e4r informerad om inst\u00e4llningen av cookies och endast till\u00e5ta cookies i enskilda fall, utesluta acceptans av cookies f\u00f6r vissa fall eller generellt och aktivera automatisk radering av cookies n\u00e4r webbl\u00e4saren st\u00e4ngs. Om cookies avaktiveras kan funktionaliteten p\u00e5 denna webbplats begr\u00e4nsas.<\/p>\n\n<p>Om cookies anv\u00e4nds av tredjepartsf\u00f6retag eller f\u00f6r analys\u00e4ndam\u00e5l kommer vi att informera dig om detta separat i denna dataskyddsf\u00f6rklaring och vid behov be om ditt samtycke.<\/p>\n\n<h3 class=\"wp-block-heading\">Serverloggfiler<\/h3>\n\n<p>Leverant\u00f6ren av sidorna samlar automatiskt in och lagrar information i s\u00e5 kallade serverloggfiler, som din webbl\u00e4sare automatiskt \u00f6verf\u00f6r till oss. Dessa \u00e4r:<\/p>\n\n<ul class=\"wp-block-list\">\n<li>Webbl\u00e4sartyp och webbl\u00e4sarversion<\/li>\n\n<li>operativsystem som anv\u00e4nds<\/li>\n\n<li>H\u00e4nvisningsadress<\/li>\n\n<li>V\u00e4rdnamnet p\u00e5 den \u00e5tkomstdator<\/li>\n\n<li>Tid f\u00f6r serverf\u00f6rfr\u00e5gan<\/li>\n\n<li>IP-adress<\/li>\n<\/ul>\n\n<p>Dessa data sl\u00e5s inte samman med andra datak\u00e4llor.<\/p>\n\n<p>Dessa uppgifter samlas in p\u00e5 grundval av artikel 6 (1) (f) GDPR. Webbplatsoperat\u00f6ren har ett ber\u00e4ttigat intresse av en tekniskt felfri presentation och optimering av sin webbplats \u2013 serverloggfilerna m\u00e5ste registreras f\u00f6r detta \u00e4ndam\u00e5l.<\/p>\n\n<h3 class=\"wp-block-heading\">Kontaktformul\u00e4r<\/h3>\n\n<p>Om du skickar f\u00f6rfr\u00e5gningar till oss via kontaktformul\u00e4ret kommer dina uppgifter fr\u00e5n f\u00f6rfr\u00e5gningsformul\u00e4ret, inklusive de kontaktuppgifter du angett d\u00e4r, att lagras av oss i syfte att behandla f\u00f6rfr\u00e5gan och vid f\u00f6ljdfr\u00e5gor. Vi l\u00e4mnar inte vidare dessa uppgifter utan ditt samtycke.<\/p>\n\n<p>Dessa uppgifter behandlas p\u00e5 grundval av artikel 6 (1) (b) GDPR om din f\u00f6rfr\u00e5gan \u00e4r relaterad till fullg\u00f6randet av ett kontrakt eller \u00e4r n\u00f6dv\u00e4ndig f\u00f6r att utf\u00f6ra \u00e5tg\u00e4rder f\u00f6re avtal. I alla andra fall baseras behandlingen p\u00e5 v\u00e5rt ber\u00e4ttigade intresse av en effektiv behandling av f\u00f6rfr\u00e5gningar riktade till oss (Art. 6 Para. 1 lit. f GDPR) eller p\u00e5 ditt samtycke (Art. 6 Para. 1 lit. a GDPR) om detta efterfr\u00e5gades.<\/p>\n\n<p>De uppgifter du anger i kontaktformul\u00e4ret kommer att finnas kvar hos oss tills du ber oss att radera dem, \u00e5terkalla ditt samtycke till lagring eller att syftet med datalagring inte l\u00e4ngre g\u00e4ller (t.ex. efter att din beg\u00e4ran har behandlats). Obligatoriska lagbest\u00e4mmelser \u2013 s\u00e4rskilt lagringsperioder \u2013 f\u00f6rblir op\u00e5verkade.<\/p>\n\n<h3 class=\"wp-block-heading\">F\u00f6rfr\u00e5gan via e-post, telefon eller fax<\/h3>\n\n<p>Om du kontaktar oss via e-post, telefon eller fax kommer din f\u00f6rfr\u00e5gan inklusive alla resulterande personuppgifter (namn, f\u00f6rfr\u00e5gan) att lagras och behandlas av oss i syfte att behandla din f\u00f6rfr\u00e5gan. Vi l\u00e4mnar inte vidare dessa uppgifter utan ditt samtycke.<\/p>\n\n<p>Dessa uppgifter behandlas p\u00e5 grundval av artikel 6 (1) (b) GDPR om din f\u00f6rfr\u00e5gan \u00e4r relaterad till fullg\u00f6randet av ett kontrakt eller \u00e4r n\u00f6dv\u00e4ndig f\u00f6r att utf\u00f6ra \u00e5tg\u00e4rder f\u00f6re avtal. I alla andra fall baseras behandlingen p\u00e5 v\u00e5rt ber\u00e4ttigade intresse av en effektiv behandling av f\u00f6rfr\u00e5gningar riktade till oss (Art. 6 Para. 1 lit. f GDPR) eller p\u00e5 ditt samtycke (Art. 6 Para. 1 lit. a GDPR) om detta efterfr\u00e5gades.<\/p>\n\n<p>De uppgifter du skickat till oss via kontaktf\u00f6rfr\u00e5gningar kommer att finnas kvar hos oss tills du beg\u00e4r radering, \u00e5terkallar ditt samtycke till lagring eller syftet med datalagring inte l\u00e4ngre g\u00e4ller (t.ex. efter att din beg\u00e4ran har behandlats). Obligatoriska lagbest\u00e4mmelser \u2013 s\u00e4rskilt lagstadgade lagringstider \u2013 f\u00f6rblir op\u00e5verkade.<\/p>\n\n<h2 class=\"wp-block-heading\">5. Plugins och verktyg<\/h2>\n\n<h3 class=\"wp-block-heading\">Google Web Fonts<\/h3>\n\n<p>Den h\u00e4r webbplatsen anv\u00e4nder s\u00e5 kallade webbteckensnitt som tillhandah\u00e5lls av Google f\u00f6r enhetlig visning av typsnitt. N\u00e4r du \u00f6ppnar en sida laddar din webbl\u00e4sare in de n\u00f6dv\u00e4ndiga webbteckensnitten i webbl\u00e4sarens cache f\u00f6r att kunna visa text och teckensnitt korrekt.<\/p>\n\n<p>F\u00f6r detta \u00e4ndam\u00e5l m\u00e5ste webbl\u00e4saren du anv\u00e4nder ansluta till Googles servrar. Detta ger Google vetskap om att denna webbplats n\u00e5ddes via din IP-adress. Google WebFonts anv\u00e4nds p\u00e5 grundval av Art. 6 (1) (f) GDPR. Webbplatsoperat\u00f6ren har ett ber\u00e4ttigat intresse av en enhetlig presentation av typsnittet p\u00e5 sin webbplats. Om ett motsvarande samtycke beg\u00e4rdes (t.ex. samtycke till lagring av cookies), sker behandlingen uteslutande p\u00e5 grundval av artikel 6.1 lit. samtycket kan n\u00e4r som helst \u00e5terkallas.<\/p>\n\n<p>Om din webbl\u00e4sare inte st\u00f6der webbteckensnitt kommer ett standardteckensnitt att anv\u00e4ndas av din dator.<\/p>\n\n<p class=\"translation-block\">Mer information om Google Web Fonts finns p\u00e5 <a href=\"https:\/\/developers.google.com\/fonts\/faq\" target=\"_blank\" rel=\"noreferrer noopener\">https:\/\/developers.google.com\/fonts\/faq<\/a> och i Googles dataskyddsdeklaration: <a href=\"https:\/\/policies.google.com\/privacy?hl=de\" target=\"_blank\" rel=\"noreferrer noopener\">https:\/\/policies.google.com\/privacy?hl=de<\/a> .<\/p>\n\n<h3 class=\"wp-block-heading\">Google kartor<\/h3>\n\n<p>Den h\u00e4r webbplatsen anv\u00e4nder karttj\u00e4nsten Google Maps via ett API. Leverant\u00f6ren \u00e4r Google Ireland Limited (&quot;Google&quot;), Gordon House, Barrow Street, Dublin 4, Irland.<\/p>\n\n<p>F\u00f6r att kunna anv\u00e4nda funktionerna i Google Maps \u00e4r det n\u00f6dv\u00e4ndigt att spara din IP-adress. Denna information \u00f6verf\u00f6rs vanligtvis till en Google-server i USA och lagras d\u00e4r. Leverant\u00f6ren av denna webbplats har inget inflytande p\u00e5 denna data\u00f6verf\u00f6ring.<\/p>\n\n<p>Google Maps anv\u00e4nds i syfte att f\u00e5 en attraktiv presentation av v\u00e5ra onlineerbjudanden och f\u00f6r att g\u00f6ra det l\u00e4ttare att hitta de platser som vi har angett p\u00e5 webbplatsen. Detta representerar ett ber\u00e4ttigat intresse i den mening som avses i artikel 6 punkt 1 bokstav f GDPR. Om ett motsvarande samtycke har beg\u00e4rts sker behandlingen uteslutande p\u00e5 grundval av Artikel 6 Stycke 1 Letter a GDPR; samtycket kan n\u00e4r som helst \u00e5terkallas.<\/p>\n\n<p class=\"translation-block\">Du kan hitta mer information om hantering av anv\u00e4ndardata i Googles dataskyddsdeklaration: <a href=\"https:\/\/policies.google.com\/privacy?hl=de\" target=\"_blank\" rel=\"noreferrer noopener\">https:\/\/policies.google.com\/privacy?hl=de<\/a> .<\/p>\n\t\t\t\t\t\t\t\t<\/div>\n\t\t\t\t<\/div>\n\t\t\t\t\t<\/div>\n\t\t<\/div>\n\t\t\t\t\t<\/div>\n\t\t<\/section>\n\t\t\t\t<\/div>","protected":false},"excerpt":{"rendered":"<p>Sekretesspolicy 1. Sekretess i korthet Allm\u00e4n information F\u00f6ljande anteckningar ger en enkel \u00f6versikt \u00f6ver vad som h\u00e4nder med dina personuppgifter n\u00e4r du bes\u00f6ker denna webbplats. Personuppgifter \u00e4r alla uppgifter som du kan identifieras med. Detaljerad information om \u00e4mnet dataskydd finns i v\u00e5r dataskyddsdeklaration listad [\u2026]<\/p>","protected":false},"author":2,"featured_media":0,"parent":0,"menu_order":0,"comment_status":"closed","ping_status":"open","template":"","meta":{"footnotes":""},"class_list":["post-3","page","type-page","status-publish","hentry"],"_links":{"self":[{"href":"https:\/\/demo.thsorganic.com\/sv\/wp-json\/wp\/v2\/pages\/3","targetHints":{"allow":["GET"]}}],"collection":[{"href":"https:\/\/demo.thsorganic.com\/sv\/wp-json\/wp\/v2\/pages"}],"about":[{"href":"https:\/\/demo.thsorganic.com\/sv\/wp-json\/wp\/v2\/types\/page"}],"author":[{"embeddable":true,"href":"https:\/\/demo.thsorganic.com\/sv\/wp-json\/wp\/v2\/users\/2"}],"replies":[{"embeddable":true,"href":"https:\/\/demo.thsorganic.com\/sv\/wp-json\/wp\/v2\/comments?post=3"}],"version-history":[{"count":16,"href":"https:\/\/demo.thsorganic.com\/sv\/wp-json\/wp\/v2\/pages\/3\/revisions"}],"predecessor-version":[{"id":1067,"href":"https:\/\/demo.thsorganic.com\/sv\/wp-json\/wp\/v2\/pages\/3\/revisions\/1067"}],"wp:attachment":[{"href":"https:\/\/demo.thsorganic.com\/sv\/wp-json\/wp\/v2\/media?parent=3"}],"curies":[{"name":"wp","href":"https:\/\/api.w.org\/{rel}","templated":true}]}}